{"id":7644,"date":"2025-11-10T09:37:37","date_gmt":"2025-11-10T08:37:37","guid":{"rendered":"https:\/\/coneix.com\/coneix-go\/"},"modified":"2025-12-05T12:43:52","modified_gmt":"2025-12-05T11:43:52","slug":"coneix-go","status":"publish","type":"page","link":"https:\/\/coneix.com\/ca\/coneix-go\/","title":{"rendered":"Coneix GO"},"content":{"rendered":"<p>[et_pb_section fb_built=&#8221;1&#8243; _builder_version=&#8221;4.27.4&#8243; _module_preset=&#8221;default&#8221; use_background_color_gradient=&#8221;on&#8221; background_color_gradient_stops=&#8221;#d0ebf8 0%|#ffffff 100%&#8221; height_tablet=&#8221;80vh&#8221; height_phone=&#8221;80vh&#8221; height_last_edited=&#8221;off|desktop&#8221; custom_padding=&#8221;||0px|||&#8221; background_last_edited=&#8221;on|desktop&#8221; background_image_width_tablet=&#8221;100%&#8221; background_image_height_tablet=&#8221;62%&#8221; background_image_height_phone=&#8221;50%&#8221; background_position_tablet=&#8221;bottom_center&#8221; global_colors_info=&#8221;{}&#8221;][et_pb_row make_equal=&#8221;on&#8221; _builder_version=&#8221;4.27.4&#8243; _module_preset=&#8221;default&#8221; position_origin_a=&#8221;center_center&#8221; position_origin_a_tablet=&#8221;center_center&#8221; position_origin_a_phone=&#8221;center_center&#8221; position_origin_a_last_edited=&#8221;off|desktop&#8221; position_origin_f_last_edited=&#8221;off|desktop&#8221; position_origin_r_last_edited=&#8221;off|desktop&#8221; max_width=&#8221;800px&#8221; module_alignment=&#8221;center&#8221; positioning_tablet=&#8221;none&#8221; positioning_phone=&#8221;none&#8221; positioning_last_edited=&#8221;off|desktop&#8221; global_colors_info=&#8221;{}&#8221;][et_pb_column type=&#8221;4_4&#8243; _builder_version=&#8221;4.24.3&#8243; _module_preset=&#8221;default&#8221; position_origin_a=&#8221;center_left&#8221; position_origin_a_last_edited=&#8221;off|desktop&#8221; position_origin_f_last_edited=&#8221;off|desktop&#8221; position_origin_r_last_edited=&#8221;off|desktop&#8221; positioning_tablet=&#8221;none&#8221; positioning_last_edited=&#8221;off|desktop&#8221; global_colors_info=&#8221;{}&#8221;][et_pb_text _builder_version=&#8221;4.27.4&#8243; _module_preset=&#8221;default&#8221; header_font=&#8221;Poppins|900|||||||&#8221; header_font_size=&#8221;55px&#8221; custom_margin=&#8221;||-2px|||&#8221; custom_margin_tablet=&#8221;0%||||false|false&#8221; custom_margin_phone=&#8221;0%||||false|false&#8221; custom_margin_last_edited=&#8221;on|tablet&#8221; custom_padding=&#8221;||2px|||&#8221; header_font_size_tablet=&#8221;45px&#8221; header_font_size_phone=&#8221;33px&#8221; header_font_size_last_edited=&#8221;on|phone&#8221; global_colors_info=&#8221;{}&#8221;]<\/p>\n<h1 style=\"text-align: center;\" data-mce-style=\"text-align: center;\">\u00bfEncara sense soluci\u00f3 per a <span class=\"bg-blue\">VeriFactu<\/span>?<\/h1>\n<p>[\/et_pb_text][et_pb_countdown_timer title=&#8221;Entrada en vigor:&#8221; date_time=&#8221;2026-01-01 00:01&#8243; _builder_version=&#8221;4.27.4&#8243; _module_preset=&#8221;default&#8221; header_text_color=&#8221;#035697&#8243; header_font_size=&#8221;22px&#8221; numbers_text_color=&#8221;#035697&#8243; numbers_font_size=&#8221;38px&#8221; label_text_color=&#8221;#035697&#8243; background_enable_color=&#8221;off&#8221; max_width=&#8221;650px&#8221; module_alignment=&#8221;center&#8221; custom_padding=&#8221;||7px|||&#8221; global_colors_info=&#8221;{}&#8221;][\/et_pb_countdown_timer][et_pb_text _builder_version=&#8221;4.27.4&#8243; _module_preset=&#8221;default&#8221; text_font_size=&#8221;20px&#8221; max_width=&#8221;650px&#8221; module_alignment=&#8221;center&#8221; global_colors_info=&#8221;{}&#8221;]<\/p>\n<p style=\"text-align: center;\" data-start=\"0\" data-end=\"109\">Coneix Go \u00e9s la manera m\u00e9s senzilla i r\u00e0pida de complir amb la normativa abans de la seva entrada en vigor.<\/p>\n<p style=\"text-align: center;\" data-start=\"111\" data-end=\"199\" data-is-last-node=\"\" data-is-only-node=\"\">Una soluci\u00f3 pensada per a arquitectes i enginyers que volen fer-ho b\u00e9\u2026 i fer-ho a temps.<\/p>\n<p>[\/et_pb_text][et_pb_button button_url=&#8221;#contacto&#8221; button_text=&#8221;M\u00c9S INFORMACI\u00d3&#8221; button_alignment=&#8221;center&#8221; _builder_version=&#8221;4.27.4&#8243; _module_preset=&#8221;default&#8221; custom_button=&#8221;on&#8221; button_text_color=&#8221;#FFFFFF&#8221; button_bg_color=&#8221;#035697&#8243; button_border_width=&#8221;0px&#8221; button_border_color=&#8221;#777777&#8243; global_colors_info=&#8221;{}&#8221; button_bg_color__hover=&#8221;#FFFFFF&#8221; button_bg_color__hover_enabled=&#8221;on|hover&#8221; button_border_color__hover=&#8221;#777777&#8243; button_border_color__hover_enabled=&#8221;on|hover&#8221; button_text_color__hover=&#8221;#777777&#8243; button_text_color__hover_enabled=&#8221;on|hover&#8221;][\/et_pb_button][\/et_pb_column][\/et_pb_row][\/et_pb_section][et_pb_section fb_built=&#8221;1&#8243; _builder_version=&#8221;4.27.4&#8243; _module_preset=&#8221;default&#8221; background_color=&#8221;#FFFFFF&#8221; custom_padding=&#8221;0px||4px|||&#8221; global_colors_info=&#8221;{}&#8221;][et_pb_row column_structure=&#8221;3_5,2_5&#8243; _builder_version=&#8221;4.24.3&#8243; _module_preset=&#8221;default&#8221; custom_padding=&#8221;77px|||||&#8221; global_colors_info=&#8221;{}&#8221;][et_pb_column type=&#8221;3_5&#8243; _builder_version=&#8221;4.24.3&#8243; _module_preset=&#8221;default&#8221; global_colors_info=&#8221;{}&#8221;][et_pb_text _builder_version=&#8221;4.27.4&#8243; _module_preset=&#8221;default&#8221; header_2_font=&#8221;|700|||||||&#8221; header_2_font_size=&#8221;40px&#8221; text_orientation=&#8221;center&#8221; max_width=&#8221;750px&#8221; module_alignment=&#8221;center&#8221; custom_padding=&#8221;||0px|||&#8221; header_2_font_size_tablet=&#8221;40px&#8221; header_2_font_size_phone=&#8221;30px&#8221; header_2_font_size_last_edited=&#8221;on|phone&#8221; global_colors_info=&#8221;{}&#8221;]<\/p>\n<h2 style=\"text-align: left;\"><b>Qu\u00e8 \u00e9s Coneix Go?<\/b><\/h2>\n<p>[\/et_pb_text][et_pb_text _builder_version=&#8221;4.27.4&#8243; _module_preset=&#8221;default&#8221; text_font_size=&#8221;20px&#8221; text_orientation=&#8221;center&#8221; module_alignment=&#8221;center&#8221; text_font_size_tablet=&#8221;20px&#8221; text_font_size_phone=&#8221;16px&#8221; text_font_size_last_edited=&#8221;on|phone&#8221; global_colors_info=&#8221;{}&#8221;]<\/p>\n<p style=\"text-align: left;\">Coneix Go \u00e9s una versi\u00f3 b\u00e0sica i m\u00e9s assequible del nostre ERP, dissenyada per a empreses d\u2019enginyeria i arquitectura que necessitin implementar una soluci\u00f3 adaptada a VeriFactu aquest mes de novembre.<\/p>\n<p style=\"text-align: left;\">Inclou els m\u00f2duls essencials (<strong>gesti\u00f3 administrativa, gesti\u00f3 de projectes, facturaci\u00f3 VeriFactu i registre horari<\/strong>) perqu\u00e8 comencis a treballar amb un sistema complet, r\u00e0pid d\u2019implementar i preparat per cr\u00e9ixer amb tu.<\/p>\n<p style=\"text-align: left;\"><em>\u27a1\ufe0f En pocs dies pots tenir el teu sistema preparat i operatiu, sense esperes ni complicacions.<\/em><\/p>\n<p>[\/et_pb_text][\/et_pb_column][et_pb_column type=&#8221;2_5&#8243; _builder_version=&#8221;4.24.3&#8243; _module_preset=&#8221;default&#8221; global_colors_info=&#8221;{}&#8221;][et_pb_image src=&#8221;https:\/\/coneix.com\/wp-content\/uploads\/2025\/11\/coneixgo-e1763540363203.webp&#8221; alt=&#8221;coneix go&#8221; title_text=&#8221;coneixgo&#8221; _builder_version=&#8221;4.27.4&#8243; _module_preset=&#8221;default&#8221; global_colors_info=&#8221;{}&#8221;][\/et_pb_image][\/et_pb_column][\/et_pb_row][\/et_pb_section][et_pb_section fb_built=&#8221;1&#8243; _builder_version=&#8221;4.27.4&#8243; _module_preset=&#8221;default&#8221; background_color=&#8221;#FFFFFF&#8221; custom_padding=&#8221;0px|||||&#8221; global_colors_info=&#8221;{}&#8221;][et_pb_row _builder_version=&#8221;4.24.3&#8243; _module_preset=&#8221;default&#8221; custom_padding=&#8221;66px|||||&#8221; global_colors_info=&#8221;{}&#8221;][et_pb_column type=&#8221;4_4&#8243; _builder_version=&#8221;4.24.3&#8243; _module_preset=&#8221;default&#8221; global_colors_info=&#8221;{}&#8221;][et_pb_text _builder_version=&#8221;4.27.4&#8243; _module_preset=&#8221;default&#8221; header_2_font=&#8221;|700|||||||&#8221; header_2_font_size=&#8221;40px&#8221; text_orientation=&#8221;center&#8221; max_width=&#8221;600px&#8221; module_alignment=&#8221;center&#8221; header_2_font_size_tablet=&#8221;40px&#8221; header_2_font_size_phone=&#8221;30px&#8221; header_2_font_size_last_edited=&#8221;on|phone&#8221; locked=&#8221;off&#8221; global_colors_info=&#8221;{}&#8221;]<\/p>\n<h2 style=\"text-align: center;\"><b>Per qu\u00e8 escollir <span class=\"bg-blue\">Coneix Go<\/span> per a complir amb VeriFactu?<\/b><\/h2>\n<p>[\/et_pb_text][\/et_pb_column][\/et_pb_row][et_pb_row column_structure=&#8221;1_5,1_5,1_5,1_5,1_5&#8243; use_custom_gutter=&#8221;on&#8221; gutter_width=&#8221;2&#8243; make_equal=&#8221;on&#8221; _builder_version=&#8221;4.27.4&#8243; _module_preset=&#8221;default&#8221; width=&#8221;100%&#8221; max_width=&#8221;none&#8221; global_colors_info=&#8221;{}&#8221;][et_pb_column type=&#8221;1_5&#8243; _builder_version=&#8221;4.27.4&#8243; _module_preset=&#8221;default&#8221; background_color=&#8221;#d2ecf8&#8243; global_colors_info=&#8221;{}&#8221;][et_pb_image src=&#8221;https:\/\/coneix.com\/wp-content\/uploads\/2025\/11\/sector.png&#8221; alt=&#8221;sector&#8221; title_text=&#8221;sector&#8221; align=&#8221;center&#8221; _builder_version=&#8221;4.27.4&#8243; _module_preset=&#8221;default&#8221; width=&#8221;60%&#8221; global_colors_info=&#8221;{}&#8221;][\/et_pb_image][et_pb_text _builder_version=&#8221;4.27.4&#8243; _module_preset=&#8221;default&#8221; text_text_color=&#8221;#3465a4&#8243; width=&#8221;90%&#8221; module_alignment=&#8221;center&#8221; min_height=&#8221;59.6px&#8221; custom_margin=&#8221;||0px|||&#8221; global_colors_info=&#8221;{}&#8221;]<\/p>\n<p style=\"text-align: center;\"><strong>Software especialitzat en el teu sector<\/strong><\/p>\n<p>[\/et_pb_text][et_pb_text _builder_version=&#8221;4.27.4&#8243; _module_preset=&#8221;default&#8221; text_orientation=&#8221;center&#8221; width=&#8221;90%&#8221; module_alignment=&#8221;center&#8221; custom_padding=&#8221;||19px|||&#8221; global_colors_info=&#8221;{}&#8221;]<\/p>\n<p>Dissenyat per a arquitectes i enginyers, amb processos adaptats a la realitat del teu despatx.<\/p>\n<p>[\/et_pb_text][\/et_pb_column][et_pb_column type=&#8221;1_5&#8243; _builder_version=&#8221;4.27.4&#8243; _module_preset=&#8221;default&#8221; background_color=&#8221;#d2ecf8&#8243; global_colors_info=&#8221;{}&#8221;][et_pb_image src=&#8221;https:\/\/coneix.com\/wp-content\/uploads\/2025\/11\/software-1.png&#8221; alt=&#8221;sector&#8221; title_text=&#8221;software&#8221; align=&#8221;center&#8221; _builder_version=&#8221;4.27.4&#8243; _module_preset=&#8221;default&#8221; width=&#8221;60%&#8221; global_colors_info=&#8221;{}&#8221;][\/et_pb_image][et_pb_text _builder_version=&#8221;4.27.4&#8243; _module_preset=&#8221;default&#8221; text_text_color=&#8221;#3465a4&#8243; width=&#8221;90%&#8221; module_alignment=&#8221;center&#8221; min_height=&#8221;59.6px&#8221; custom_margin=&#8221;||0px|||&#8221; global_colors_info=&#8221;{}&#8221;]<\/p>\n<p style=\"text-align: center;\"><strong>M\u00e9s que un programa de facturaci\u00f3<\/strong><\/p>\n<p>[\/et_pb_text][et_pb_text _builder_version=&#8221;4.27.4&#8243; _module_preset=&#8221;default&#8221; text_orientation=&#8221;center&#8221; width=&#8221;90%&#8221; module_alignment=&#8221;center&#8221; custom_padding=&#8221;||19px|||&#8221; global_colors_info=&#8221;{}&#8221;]<\/p>\n<p>Inclou la gesti\u00f3 de projectes, la gesti\u00f3 administrativa i el registre horari des del primer dia.<\/p>\n<p>[\/et_pb_text][\/et_pb_column][et_pb_column type=&#8221;1_5&#8243; _builder_version=&#8221;4.27.4&#8243; _module_preset=&#8221;default&#8221; background_color=&#8221;#d2ecf8&#8243; global_colors_info=&#8221;{}&#8221;][et_pb_image src=&#8221;https:\/\/coneix.com\/wp-content\/uploads\/2025\/11\/implementacion.png&#8221; alt=&#8221;sector&#8221; title_text=&#8221;implementacio&#8221; align=&#8221;center&#8221; _builder_version=&#8221;4.27.4&#8243; _module_preset=&#8221;default&#8221; width=&#8221;54%&#8221; custom_margin=&#8221;16px||27px|||&#8221; global_colors_info=&#8221;{}&#8221;][\/et_pb_image][et_pb_text _builder_version=&#8221;4.27.4&#8243; _module_preset=&#8221;default&#8221; text_text_color=&#8221;#3465a4&#8243; width=&#8221;90%&#8221; module_alignment=&#8221;center&#8221; min_height=&#8221;59.6px&#8221; custom_margin=&#8221;||0px|||&#8221; global_colors_info=&#8221;{}&#8221;]<\/p>\n<p style=\"text-align: center;\"><strong>Implementaci\u00f3 r\u00e0pida<\/strong><\/p>\n<p>[\/et_pb_text][et_pb_text _builder_version=&#8221;4.27.4&#8243; _module_preset=&#8221;default&#8221; text_orientation=&#8221;center&#8221; width=&#8221;90%&#8221; module_alignment=&#8221;center&#8221; custom_padding=&#8221;||19px|||&#8221; global_colors_info=&#8221;{}&#8221;]<\/p>\n<p>Comen\u00e7a a emetre factures VeriFactu en q\u00fcesti\u00f3 de dies. Amb formaci\u00f3 al teu equip inclosa.<\/p>\n<p>[\/et_pb_text][\/et_pb_column][et_pb_column type=&#8221;1_5&#8243; _builder_version=&#8221;4.27.4&#8243; _module_preset=&#8221;default&#8221; background_color=&#8221;#d2ecf8&#8243; global_colors_info=&#8221;{}&#8221;][et_pb_image src=&#8221;https:\/\/coneix.com\/wp-content\/uploads\/2025\/11\/escalable.png&#8221; alt=&#8221;sector&#8221; title_text=&#8221;escalable&#8221; align=&#8221;center&#8221; _builder_version=&#8221;4.27.4&#8243; _module_preset=&#8221;default&#8221; width=&#8221;58%&#8221; custom_margin=&#8221;||13px|||&#8221; custom_padding=&#8221;14px|||||&#8221; global_colors_info=&#8221;{}&#8221;][\/et_pb_image][et_pb_text _builder_version=&#8221;4.27.4&#8243; _module_preset=&#8221;default&#8221; text_text_color=&#8221;#3465a4&#8243; width=&#8221;90%&#8221; module_alignment=&#8221;center&#8221; min_height=&#8221;59.6px&#8221; custom_margin=&#8221;||0px|||&#8221; custom_padding=&#8221;||0px|||&#8221; global_colors_info=&#8221;{}&#8221;]<\/p>\n<p style=\"text-align: center;\"><strong>Inversi\u00f3 escalable<\/strong><\/p>\n<p>[\/et_pb_text][et_pb_text _builder_version=&#8221;4.27.4&#8243; _module_preset=&#8221;default&#8221; text_orientation=&#8221;center&#8221; width=&#8221;90%&#8221; module_alignment=&#8221;center&#8221; custom_padding=&#8221;||19px|||&#8221; global_colors_info=&#8221;{}&#8221;]<\/p>\n<p>Comen\u00e7a pel m\u00e9s b\u00e0sic i implementa reporting BI, CRM o altres funcionalitats quan les necessitis.<\/p>\n<p>[\/et_pb_text][\/et_pb_column][et_pb_column type=&#8221;1_5&#8243; _builder_version=&#8221;4.27.4&#8243; _module_preset=&#8221;default&#8221; background_color=&#8221;#d2ecf8&#8243; global_colors_info=&#8221;{}&#8221;][et_pb_image src=&#8221;https:\/\/coneix.com\/wp-content\/uploads\/2025\/11\/soporte.png&#8221; alt=&#8221;sector&#8221; title_text=&#8221;soporte&#8221; align=&#8221;center&#8221; _builder_version=&#8221;4.27.4&#8243; _module_preset=&#8221;default&#8221; width=&#8221;60%&#8221; custom_margin=&#8221;||13px|||&#8221; custom_padding=&#8221;14px|||||&#8221; global_colors_info=&#8221;{}&#8221;][\/et_pb_image][et_pb_text _builder_version=&#8221;4.27.4&#8243; _module_preset=&#8221;default&#8221; text_text_color=&#8221;#3465a4&#8243; width=&#8221;90%&#8221; module_alignment=&#8221;center&#8221; min_height=&#8221;59.6px&#8221; custom_margin=&#8221;||0px|||&#8221; custom_padding=&#8221;||0px|||&#8221; global_colors_info=&#8221;{}&#8221;]<\/p>\n<p style=\"text-align: center;\"><strong>Suport proper i personalitzat<\/strong><\/p>\n<p>[\/et_pb_text][et_pb_text _builder_version=&#8221;4.27.4&#8243; _module_preset=&#8221;default&#8221; text_orientation=&#8221;center&#8221; width=&#8221;90%&#8221; module_alignment=&#8221;center&#8221; custom_padding=&#8221;||19px|||&#8221; global_colors_info=&#8221;{}&#8221;]<\/p>\n<p>T\u2019acompanyem no nom\u00e9s durant la implantaci\u00f3, sin\u00f3 durant tot el temps que passis amb nosaltres.<\/p>\n<p>[\/et_pb_text][\/et_pb_column][\/et_pb_row][\/et_pb_section][et_pb_section fb_built=&#8221;1&#8243; _builder_version=&#8221;4.27.4&#8243; _module_preset=&#8221;default&#8221; background_color=&#8221;RGBA(255,255,255,0)&#8221; custom_padding=&#8221;2px||6px|||&#8221; global_colors_info=&#8221;{}&#8221;][et_pb_row column_structure=&#8221;1_3,2_3&#8243; _builder_version=&#8221;4.27.4&#8243; _module_preset=&#8221;default&#8221; global_colors_info=&#8221;{}&#8221;][et_pb_column type=&#8221;1_3&#8243; _builder_version=&#8221;4.27.4&#8243; _module_preset=&#8221;default&#8221; global_colors_info=&#8221;{}&#8221;][et_pb_image src=&#8221;https:\/\/coneix.com\/wp-content\/uploads\/2025\/11\/Infografia-Cronograma-Simple-Turquesa-1-scaled.webp&#8221; alt=&#8221;proc\u00e9s Coneix GO&#8221; title_text=&#8221;Infograf\u00eda Cronograma Simple Turquesa (1)&#8221; align=&#8221;center&#8221; _builder_version=&#8221;4.27.4&#8243; _module_preset=&#8221;default&#8221; width=&#8221;300px&#8221; global_colors_info=&#8221;{}&#8221;][\/et_pb_image][\/et_pb_column][et_pb_column type=&#8221;2_3&#8243; _builder_version=&#8221;4.27.4&#8243; _module_preset=&#8221;default&#8221; global_colors_info=&#8221;{}&#8221;][et_pb_text _builder_version=&#8221;4.27.4&#8243; _module_preset=&#8221;default&#8221; header_2_font=&#8221;|700|||||||&#8221; header_2_font_size=&#8221;40px&#8221; text_orientation=&#8221;center&#8221; max_width=&#8221;650px&#8221; module_alignment=&#8221;left&#8221; header_2_font_size_tablet=&#8221;40px&#8221; header_2_font_size_phone=&#8221;30px&#8221; header_2_font_size_last_edited=&#8221;on|phone&#8221; locked=&#8221;off&#8221; global_colors_info=&#8221;{}&#8221;]<\/p>\n<h2 style=\"text-align: left;\"><b>Adaptar-te a Verifactu \u00e9s m\u00e9s <span class=\"bg-blue\">f\u00e0cil<\/span> del que imagines\u00a0<\/b><\/h2>\n<p>[\/et_pb_text][et_pb_text _builder_version=&#8221;4.27.4&#8243; _module_preset=&#8221;default&#8221; text_font_size=&#8221;20px&#8221; text_orientation=&#8221;center&#8221; module_alignment=&#8221;left&#8221; custom_margin=&#8221;||36px|||&#8221; text_font_size_tablet=&#8221;20px&#8221; text_font_size_phone=&#8221;16px&#8221; text_font_size_last_edited=&#8221;on|phone&#8221; global_colors_info=&#8221;{}&#8221;]<\/p>\n<p style=\"text-align: left;\"><strong>1\ufe0f\u20e3 Deixa\u2019ns les teves dades<\/strong>. El nostre equip es posar\u00e0 en contacte amb tu per con\u00e8ixer la teva situaci\u00f3 i necessitats.<\/p>\n<p style=\"text-align: left;\"><strong>2\ufe0f\u20e3 Rep una oferta personalitzada<\/strong>. T\u2019enviem una proposta adaptada a la mida i al nombre d\u2019usuaris de la teva empresa. Amb Coneix Go, gaudir\u00e0s d\u2019un preu redu\u00eft.<\/p>\n<p style=\"text-align: left;\"><strong>3\ufe0f\u20e3 Reuni\u00f3 de kick-off<\/strong>. En aquesta primera trobada, ens explicar\u00e0s com gestiones actualment la facturaci\u00f3 i quins processos vols millorar.<\/p>\n<p style=\"text-align: left;\"><strong>4\ufe0f\u20e3 Configurem el teu entorn<\/strong>. Preparem el teu espai de treball, importem les teves dades i deixem el sistema a punt per comen\u00e7ar.<\/p>\n<p style=\"text-align: left;\"><strong>5\ufe0f\u20e3 Formaci\u00f3 al teu equip<\/strong>. T\u2019ensenyem, de manera pr\u00e0ctica, com facturar i treballar amb Coneix des del primer dia.<\/p>\n<p style=\"text-align: left;\"><strong>6\ufe0f\u20e3 Comen\u00e7a a facturar segons VeriFactu<\/strong>. En pocs dies, tindr\u00e0s el teu sistema actiu, complint amb la normativa i sense complicacions.<\/p>\n<p>[\/et_pb_text][et_pb_button button_url=&#8221;#contacto&#8221; button_text=&#8221;COMEN\u00c7A ARA&#8221; button_alignment=&#8221;left&#8221; _builder_version=&#8221;4.27.4&#8243; _module_preset=&#8221;default&#8221; custom_button=&#8221;on&#8221; button_text_color=&#8221;#FFFFFF&#8221; button_bg_color=&#8221;#035697&#8243; button_border_width=&#8221;0px&#8221; button_border_color=&#8221;#777777&#8243; global_colors_info=&#8221;{}&#8221; button_bg_color__hover=&#8221;#FFFFFF&#8221; button_bg_color__hover_enabled=&#8221;on|hover&#8221; button_border_color__hover=&#8221;#777777&#8243; button_border_color__hover_enabled=&#8221;on|hover&#8221; button_text_color__hover=&#8221;#777777&#8243; button_text_color__hover_enabled=&#8221;on|hover&#8221;][\/et_pb_button][\/et_pb_column][\/et_pb_row][\/et_pb_section][et_pb_section fb_built=&#8221;1&#8243; _builder_version=&#8221;4.27.4&#8243; _module_preset=&#8221;default&#8221; custom_padding=&#8221;2px||1px|||&#8221; global_colors_info=&#8221;{}&#8221; global_module=&#8221;7731&#8243; saved_tabs=&#8221;all&#8221;][et_pb_row _builder_version=&#8221;4.27.4&#8243; _module_preset=&#8221;default&#8221; global_colors_info=&#8221;{}&#8221;][et_pb_column type=&#8221;4_4&#8243; _builder_version=&#8221;4.27.4&#8243; _module_preset=&#8221;default&#8221; global_colors_info=&#8221;{}&#8221;][et_pb_text _builder_version=&#8221;4.27.4&#8243; _module_preset=&#8221;default&#8221; header_2_font=&#8221;|700|||||||&#8221; header_2_font_size=&#8221;40px&#8221; text_orientation=&#8221;center&#8221; max_width=&#8221;528px&#8221; module_alignment=&#8221;center&#8221; header_2_font_size_tablet=&#8221;40px&#8221; header_2_font_size_phone=&#8221;30px&#8221; header_2_font_size_last_edited=&#8221;on|phone&#8221; locked=&#8221;off&#8221; global_colors_info=&#8221;{}&#8221;]<\/p>\n<h2 style=\"text-align: center;\"><b><span class=\"bg-blue\">Testimonis de clients<\/span> que han confiat en el nostre ERP<\/b><\/h2>\n<p>[\/et_pb_text][\/et_pb_column][\/et_pb_row][et_pb_row column_structure=&#8221;1_4,1_4,1_4,1_4&#8243; use_custom_gutter=&#8221;on&#8221; gutter_width=&#8221;2&#8243; _builder_version=&#8221;4.27.4&#8243; _module_preset=&#8221;default&#8221; width=&#8221;90%&#8221; max_width=&#8221;none&#8221; custom_padding=&#8221;||0px|||&#8221; global_colors_info=&#8221;{}&#8221;][et_pb_column type=&#8221;1_4&#8243; _builder_version=&#8221;4.27.4&#8243; _module_preset=&#8221;default&#8221; global_colors_info=&#8221;{}&#8221;][ba_testimonial bubble_bg_color=&#8221;#d2ecf8&#8243; image=&#8221;https:\/\/coneix.com\/wp-content\/uploads\/2025\/02\/Maite-Ramos-Bis.jpg&#8221; image_alt=&#8221;Maite Ramos&#8221; name=&#8221;Maite Ramos&#8221; title=&#8221;Directora general i gerent de bis&#8221; use_rating=&#8221;off&#8221; testimonial=&#8221;Coneix \u00e9s per a nosaltres un simulador de negoci que ens permet anticipar les decisions estrat\u00e8giques i adaptar-nos amb agilitat a les circumst\u00e0ncies del moment. Ens ofereix control operatiu, econ\u00f2mic i comercial per executar el creixement continu de l\u2019empresa amb les garanties necess\u00e0ries.&#8221; selected_icon=&#8221;1&#8243; review_design=&#8221;bubble&#8221; website_url=&#8221;#&#8221; image_width=&#8221;80px&#8221; image_height=&#8221;80px&#8221; name_bottom_spacing=&#8221;10px&#8221; arrow_color=&#8221;#d2ecf8&#8243; _builder_version=&#8221;4.27.4&#8243; _module_preset=&#8221;default&#8221; name_font=&#8221;|700|||||||&#8221; name_text_color=&#8221;#252525&#8243; name_font_size=&#8221;1rem&#8221; title_text_color=&#8221;#7a7a7a&#8221; module_alignment=&#8221;center&#8221; border_radii_image=&#8221;on|100px|100px|100px|100px&#8221; locked=&#8221;off&#8221; global_colors_info=&#8221;{}&#8221;][\/ba_testimonial][ba_testimonial bubble_bg_color=&#8221;#d2ecf8&#8243; image=&#8221;https:\/\/coneix.com\/wp-content\/uploads\/2025\/11\/Victor-Guirado-2-1.webp&#8221; image_alt=&#8221;V\u00edctor Guirado&#8221; name=&#8221;V\u00edctor Guirado&#8221; title=&#8221;Director de Pilea Engineering&#8221; use_rating=&#8221;off&#8221; testimonial=&#8221;A m\u00e9s d\u2019oferir-nos control sobre els projectes i les persones, Coneix ens permet estalviar molt de temps que abans dedic\u00e0vem a la gesti\u00f3.&#8221; selected_icon=&#8221;1&#8243; review_design=&#8221;bubble&#8221; website_url=&#8221;#&#8221; image_width=&#8221;80px&#8221; image_height=&#8221;80px&#8221; name_bottom_spacing=&#8221;10px&#8221; arrow_color=&#8221;#d2ecf8&#8243; _builder_version=&#8221;4.27.4&#8243; _module_preset=&#8221;default&#8221; name_font=&#8221;|700|||||||&#8221; name_text_color=&#8221;#252525&#8243; name_font_size=&#8221;1rem&#8221; title_text_color=&#8221;#7a7a7a&#8221; module_alignment=&#8221;center&#8221; border_radii_image=&#8221;on|100px|100px|100px|100px&#8221; locked=&#8221;off&#8221; global_colors_info=&#8221;{}&#8221;][\/ba_testimonial][\/et_pb_column][et_pb_column type=&#8221;1_4&#8243; _builder_version=&#8221;4.27.4&#8243; _module_preset=&#8221;default&#8221; global_colors_info=&#8221;{}&#8221;][ba_testimonial bubble_bg_color=&#8221;#d2ecf8&#8243; image=&#8221;https:\/\/coneix.com\/wp-content\/uploads\/2025\/03\/Anna-Torrella-GCT.jpg&#8221; image_alt=&#8221;Anna Torrella&#8221; name=&#8221;Anna Torrella&#8221; title=&#8221;Gerent de GCT Arquitectes &#8221; use_rating=&#8221;off&#8221; testimonial=&#8221;El suport hum\u00e0 \u00e9s excel\u00b7lent; els t\u00e8cnics s\u00f3n persones que entenen el que el client els est\u00e0 demanant i s\u2019adapten per analitzar qualsevol demanda (&#8230;) El sistema de resoluci\u00f3 d\u2019incid\u00e8ncies mitjan\u00e7ant tickets \u00e9s molt bona idea i molt \u00e0gil.&#8221; selected_icon=&#8221;1&#8243; review_design=&#8221;bubble&#8221; website_url=&#8221;#&#8221; image_width=&#8221;80px&#8221; image_height=&#8221;80px&#8221; name_bottom_spacing=&#8221;10px&#8221; arrow_color=&#8221;#d2ecf8&#8243; _builder_version=&#8221;4.27.4&#8243; _module_preset=&#8221;default&#8221; name_font=&#8221;|700|||||||&#8221; name_text_color=&#8221;#252525&#8243; name_font_size=&#8221;1rem&#8221; title_text_color=&#8221;#7a7a7a&#8221; module_alignment=&#8221;center&#8221; border_radii_image=&#8221;on|100px|100px|100px|100px&#8221; locked=&#8221;off&#8221; global_colors_info=&#8221;{}&#8221;][\/ba_testimonial][ba_testimonial bubble_bg_color=&#8221;#d2ecf8&#8243; image=&#8221;https:\/\/coneix.com\/wp-content\/uploads\/2025\/11\/Llatzer-del-Amor-optimized.webp&#8221; image_alt=&#8221;Ll\u00e0tzer del Amor &#8221; name=&#8221;Ll\u00e0tzer del Amor &#8221; title=&#8221;Director de SEE Solutions &#8221; use_rating=&#8221;off&#8221; testimonial=&#8221;Ara podem veure en temps real la rendibilitat de cada projecte i l\u2019estat financer de l\u2019empresa. Coneix ens ha donat la tranquil\u00b7litat de saber exactament com estem en cada moment.&#8221; selected_icon=&#8221;1&#8243; review_design=&#8221;bubble&#8221; website_url=&#8221;#&#8221; image_width=&#8221;80px&#8221; image_height=&#8221;80px&#8221; name_bottom_spacing=&#8221;10px&#8221; arrow_color=&#8221;#d2ecf8&#8243; _builder_version=&#8221;4.27.4&#8243; _module_preset=&#8221;default&#8221; name_font=&#8221;|700|||||||&#8221; name_text_color=&#8221;#252525&#8243; name_font_size=&#8221;1rem&#8221; title_text_color=&#8221;#7a7a7a&#8221; module_alignment=&#8221;center&#8221; border_radii_image=&#8221;on|100px|100px|100px|100px&#8221; locked=&#8221;off&#8221; global_colors_info=&#8221;{}&#8221;][\/ba_testimonial][\/et_pb_column][et_pb_column type=&#8221;1_4&#8243; _builder_version=&#8221;4.27.4&#8243; _module_preset=&#8221;default&#8221; global_colors_info=&#8221;{}&#8221;][ba_testimonial bubble_bg_color=&#8221;#d2ecf8&#8243; image=&#8221;https:\/\/coneix.com\/wp-content\/uploads\/2024\/11\/2-3.jpg&#8221; image_alt=&#8221;Ismael Gonz\u00e1lez&#8221; name=&#8221;Ismael Gonz\u00e1lez&#8221; title=&#8221;General Manager ORDEIC&#8221; use_rating=&#8221;off&#8221; testimonial=&#8221;La integraci\u00f3 de Coneix ha tingut un impacte positiu des del primer moment. Ens facilita el control tant de la part administrativa com de la gesti\u00f3 de projectes.&#8221; selected_icon=&#8221;1&#8243; review_design=&#8221;bubble&#8221; website_url=&#8221;#&#8221; image_width=&#8221;80px&#8221; image_height=&#8221;80px&#8221; name_bottom_spacing=&#8221;10px&#8221; arrow_color=&#8221;#d2ecf8&#8243; _builder_version=&#8221;4.27.4&#8243; _module_preset=&#8221;default&#8221; name_font=&#8221;|700|||||||&#8221; name_text_color=&#8221;#252525&#8243; name_font_size=&#8221;1rem&#8221; title_text_color=&#8221;#7a7a7a&#8221; module_alignment=&#8221;center&#8221; border_radii_image=&#8221;on|100px|100px|100px|100px&#8221; locked=&#8221;off&#8221; global_colors_info=&#8221;{}&#8221;][\/ba_testimonial][ba_testimonial bubble_bg_color=&#8221;#d2ecf8&#8243; image=&#8221;https:\/\/coneix.com\/wp-content\/uploads\/2025\/11\/Ferran-Espart-optimized-10kb.webp&#8221; image_alt=&#8221;Ferran Espart&#8221; name=&#8221;Ferran Espart&#8221; title=&#8221;Director serveis corporatius a T\u00e9cnicos G3&#8243; use_rating=&#8221;off&#8221; testimonial=&#8221;Gr\u00e0cies a Coneix, ara tenim un control total sobre els nostres projectes. Podem visualitzar els costos, els recursos i els temps en un sol lloc, cosa que ens permet prendre decisions estrat\u00e8giques amb confian\u00e7a.&#8221; selected_icon=&#8221;1&#8243; review_design=&#8221;bubble&#8221; website_url=&#8221;#&#8221; image_width=&#8221;80px&#8221; image_height=&#8221;80px&#8221; name_bottom_spacing=&#8221;10px&#8221; arrow_color=&#8221;#d2ecf8&#8243; _builder_version=&#8221;4.27.4&#8243; _module_preset=&#8221;default&#8221; name_font=&#8221;|700|||||||&#8221; name_text_color=&#8221;#252525&#8243; name_font_size=&#8221;1rem&#8221; title_text_color=&#8221;#7a7a7a&#8221; module_alignment=&#8221;center&#8221; border_radii_image=&#8221;on|100px|100px|100px|100px&#8221; locked=&#8221;off&#8221; global_colors_info=&#8221;{}&#8221;][\/ba_testimonial][\/et_pb_column][et_pb_column type=&#8221;1_4&#8243; _builder_version=&#8221;4.27.4&#8243; _module_preset=&#8221;default&#8221; global_colors_info=&#8221;{}&#8221;][ba_testimonial bubble_bg_color=&#8221;#d2ecf8&#8243; image=&#8221;https:\/\/coneix.com\/wp-content\/uploads\/2024\/04\/coneix_testimonios_ramon-sala.jpeg&#8221; image_alt=&#8221;Ram\u00f3n Sala&#8221; name=&#8221;Ram\u00f3n Sala&#8221; title=&#8221;Managing Director a EGAVIC Serveis d&#8217;Enginyeria&#8221; use_rating=&#8221;off&#8221; testimonial=&#8221;Confio en Coneix per la seva experi\u00e8ncia en el sector i perqu\u00e8 ofereixen una eina est\u00e0ndard i adaptable a les meves necessitats.&#8221; selected_icon=&#8221;1&#8243; review_design=&#8221;bubble&#8221; website_url=&#8221;#&#8221; image_width=&#8221;80px&#8221; image_height=&#8221;80px&#8221; name_bottom_spacing=&#8221;10px&#8221; arrow_color=&#8221;#d2ecf8&#8243; _builder_version=&#8221;4.27.4&#8243; _module_preset=&#8221;default&#8221; name_font=&#8221;|700|||||||&#8221; name_text_color=&#8221;#252525&#8243; name_font_size=&#8221;1rem&#8221; title_text_color=&#8221;#7a7a7a&#8221; module_alignment=&#8221;center&#8221; border_radii_image=&#8221;on|100px|100px|100px|100px&#8221; locked=&#8221;off&#8221; global_colors_info=&#8221;{}&#8221;][\/ba_testimonial][ba_testimonial bubble_bg_color=&#8221;#d2ecf8&#8243; image=&#8221;https:\/\/coneix.com\/wp-content\/uploads\/2025\/04\/Mireia-Sans-sbs.webp&#8221; image_alt=&#8221;Mireia Sans&#8221; name=&#8221;Mireia Sans&#8221; title=&#8221;Administrativa de SBS&#8221; use_rating=&#8221;off&#8221; testimonial=&#8221;Gr\u00e0cies a Coneix, hem aconseguit centralitzar tota la informaci\u00f3 relacionada amb un projecte, com s\u00f3n els recursos, costos, despeses o ingressos. La capacitat de vincular tots els elements que formen part del dia a dia de l&#8217;empresa converteix aquesta eina en una soluci\u00f3 ideal per a la gesti\u00f3 empresarial, assegurant el compliment dels est\u00e0ndards de qualitat i la millora cont\u00ednua.&#8221; selected_icon=&#8221;1&#8243; review_design=&#8221;bubble&#8221; website_url=&#8221;#&#8221; image_width=&#8221;80px&#8221; image_height=&#8221;80px&#8221; name_bottom_spacing=&#8221;10px&#8221; arrow_color=&#8221;#d2ecf8&#8243; _builder_version=&#8221;4.27.4&#8243; _module_preset=&#8221;default&#8221; name_font=&#8221;|700|||||||&#8221; name_text_color=&#8221;#252525&#8243; name_font_size=&#8221;1rem&#8221; title_text_color=&#8221;#7a7a7a&#8221; module_alignment=&#8221;center&#8221; border_radii_image=&#8221;on|100px|100px|100px|100px&#8221; locked=&#8221;off&#8221; global_colors_info=&#8221;{}&#8221;][\/ba_testimonial][\/et_pb_column][\/et_pb_row][\/et_pb_section][et_pb_section fb_built=&#8221;1&#8243; _builder_version=&#8221;4.27.4&#8243; _module_preset=&#8221;default&#8221; custom_padding=&#8221;0px||4px|||&#8221; global_colors_info=&#8221;{}&#8221;][et_pb_row _builder_version=&#8221;4.27.4&#8243; _module_preset=&#8221;default&#8221; custom_padding=&#8221;||9px|||&#8221; global_colors_info=&#8221;{}&#8221;][et_pb_column type=&#8221;4_4&#8243; _builder_version=&#8221;4.27.4&#8243; _module_preset=&#8221;default&#8221; global_colors_info=&#8221;{}&#8221;][et_pb_icon font_icon=&#8221;&#x73;||divi||400&#8243; icon_color=&#8221;#b6dced&#8221; icon_width=&#8221;71px&#8221; _builder_version=&#8221;4.27.4&#8243; _module_preset=&#8221;default&#8221; custom_margin=&#8221;||17px|||&#8221; global_colors_info=&#8221;{}&#8221;][\/et_pb_icon][et_pb_text _builder_version=&#8221;4.27.4&#8243; _module_preset=&#8221;default&#8221; header_2_font=&#8221;|700|||||||&#8221; header_2_font_size=&#8221;40px&#8221; text_orientation=&#8221;center&#8221; max_width=&#8221;528px&#8221; module_alignment=&#8221;center&#8221; header_2_font_size_tablet=&#8221;40px&#8221; header_2_font_size_phone=&#8221;30px&#8221; header_2_font_size_last_edited=&#8221;on|phone&#8221; locked=&#8221;off&#8221; global_colors_info=&#8221;{}&#8221;]<\/p>\n<h2 style=\"text-align: center;\"><b>No esperis fins l&#8217;\u00faltim moment<\/b><\/h2>\n<p>[\/et_pb_text][et_pb_text _builder_version=&#8221;4.27.4&#8243; _module_preset=&#8221;default&#8221; text_font_size=&#8221;20px&#8221; max_width=&#8221;650px&#8221; module_alignment=&#8221;center&#8221; custom_margin=&#8221;||1px|||&#8221; global_colors_info=&#8221;{}&#8221;]<\/p>\n<p style=\"text-align: center;\">L\u20191 de gener de 2026 entra en vigor VeriFactu i, amb les festes pel mig, el marge real per adaptar-s\u2019hi \u00e9s molt menor del que sembla.<\/p>\n<p style=\"text-align: center;\">Si encara no disposes d\u2019un software homologat, ara \u00e9s el moment de fer-ho amb tranquil\u00b7litat i acompanyament.<\/p>\n<p style=\"text-align: center;\">A m\u00e9s,<strong> l\u2019oferta especial de Coneix Go est\u00e0 disponible nom\u00e9s durant el mes de novembre.<\/strong><\/p>\n<p>[\/et_pb_text][et_pb_icon font_icon=&#8221;&#x22;||divi||400&#8243; icon_color=&#8221;#b6dced&#8221; icon_width=&#8221;71px&#8221; _builder_version=&#8221;4.27.4&#8243; _module_preset=&#8221;default&#8221; custom_margin=&#8221;||17px|||&#8221; global_colors_info=&#8221;{}&#8221;][\/et_pb_icon][\/et_pb_column][\/et_pb_row][\/et_pb_section][et_pb_section fb_built=&#8221;1&#8243; admin_label=&#8221;#contacto&#8221; module_id=&#8221;contacto&#8221; _builder_version=&#8221;4.27.4&#8243; _module_preset=&#8221;default&#8221; use_background_color_gradient=&#8221;on&#8221; background_color_gradient_stops=&#8221;#ffffff 0%|#d0ebf8 44%&#8221; custom_padding=&#8221;3px|||||&#8221; background_last_edited=&#8221;on|desktop&#8221; background_image_width_tablet=&#8221;100%&#8221; background_image_height_tablet=&#8221;62%&#8221; background_image_height_phone=&#8221;50%&#8221; background_position_tablet=&#8221;bottom_center&#8221; global_colors_info=&#8221;{}&#8221;][et_pb_row _builder_version=&#8221;4.27.4&#8243; _module_preset=&#8221;default&#8221; max_width=&#8221;650px&#8221; global_colors_info=&#8221;{}&#8221;][et_pb_column type=&#8221;4_4&#8243; _builder_version=&#8221;4.27.4&#8243; _module_preset=&#8221;default&#8221; global_colors_info=&#8221;{}&#8221;][et_pb_text _builder_version=&#8221;4.27.4&#8243; _module_preset=&#8221;default&#8221; header_2_font=&#8221;|700|||||||&#8221; header_2_font_size=&#8221;40px&#8221; text_orientation=&#8221;center&#8221; max_width=&#8221;480px&#8221; module_alignment=&#8221;center&#8221; header_2_font_size_tablet=&#8221;40px&#8221; header_2_font_size_phone=&#8221;30px&#8221; header_2_font_size_last_edited=&#8221;on|phone&#8221; locked=&#8221;off&#8221; global_colors_info=&#8221;{}&#8221;]<\/p>\n<h2 style=\"text-align: center;\"><b>Sol\u00b7licita m\u00e9s informaci\u00f3 sobre Coneix Go<\/b><\/h2>\n<p>[\/et_pb_text][et_pb_contact_form captcha=&#8221;off&#8221; email=&#8221;comercial@coneix.com &#8221; use_redirect=&#8221;on&#8221; redirect_url=&#8221;https:\/\/coneix.com\/coneix-go-gracias\/&#8221; _builder_version=&#8221;4.27.4&#8243; _module_preset=&#8221;default&#8221; _unique_id=&#8221;5310cc58-2041-4a85-9260-ecd07888250e&#8221; form_field_background_color=&#8221;RGBA(255,255,255,0)&#8221; form_field_text_color=&#8221;#3d3d3b&#8221; form_field_focus_background_color=&#8221;RGBA(255,255,255,0)&#8221; form_field_focus_text_color=&#8221;#252525&#8243; form_field_custom_margin=&#8221;||19px||false|false&#8221; form_field_custom_padding=&#8221;8px|0px|8px|0px|true|true&#8221; form_field_font_size=&#8221;16px&#8221; background_enable_color=&#8221;off&#8221; custom_button=&#8221;on&#8221; button_bg_color=&#8221;#035697&#8243; button_border_width=&#8221;0px&#8221; button_icon_color=&#8221;#FFFFFF&#8221; form_field_font_size_tablet=&#8221;16px&#8221; form_field_font_size_phone=&#8221;15px&#8221; form_field_font_size_last_edited=&#8221;on|phone&#8221; custom_css_free_form=&#8221;.et_pb_contact_field_checkbox i {||  border: 1px solid black !important;||}||selector a {text-decoration:underline !important;font-weight:400 !important;}&#8221; border_width_bottom=&#8221;1px&#8221; global_colors_info=&#8221;{}&#8221;][et_pb_contact_field field_id=&#8221;Name&#8221; field_title=&#8221;Nom i cognoms &#8221; fullwidth_field=&#8221;on&#8221; _builder_version=&#8221;4.24.3&#8243; global_colors_info=&#8221;{}&#8221; button_text_size__hover_enabled=&#8221;off&#8221; button_one_text_size__hover_enabled=&#8221;off&#8221; button_two_text_size__hover_enabled=&#8221;off&#8221; button_text_color__hover_enabled=&#8221;off&#8221; button_one_text_color__hover_enabled=&#8221;off&#8221; button_two_text_color__hover_enabled=&#8221;off&#8221; button_border_width__hover_enabled=&#8221;off&#8221; button_one_border_width__hover_enabled=&#8221;off&#8221; button_two_border_width__hover_enabled=&#8221;off&#8221; button_border_color__hover_enabled=&#8221;off&#8221; button_one_border_color__hover_enabled=&#8221;off&#8221; button_two_border_color__hover_enabled=&#8221;off&#8221; button_border_radius__hover_enabled=&#8221;off&#8221; button_one_border_radius__hover_enabled=&#8221;off&#8221; button_two_border_radius__hover_enabled=&#8221;off&#8221; button_letter_spacing__hover_enabled=&#8221;off&#8221; button_one_letter_spacing__hover_enabled=&#8221;off&#8221; button_two_letter_spacing__hover_enabled=&#8221;off&#8221; button_bg_color__hover_enabled=&#8221;off&#8221; button_one_bg_color__hover_enabled=&#8221;off&#8221; button_two_bg_color__hover_enabled=&#8221;off&#8221;][\/et_pb_contact_field][et_pb_contact_field field_id=&#8221;Company&#8221; field_title=&#8221;Empresa&#8221; fullwidth_field=&#8221;on&#8221; _builder_version=&#8221;4.24.3&#8243; _module_preset=&#8221;default&#8221; global_colors_info=&#8221;{}&#8221;][\/et_pb_contact_field][et_pb_contact_field field_id=&#8221;Correo&#8221; field_title=&#8221;Correu&#8221; fullwidth_field=&#8221;on&#8221; _builder_version=&#8221;4.27.4&#8243; _module_preset=&#8221;default&#8221; global_colors_info=&#8221;{}&#8221;][\/et_pb_contact_field][et_pb_contact_field field_id=&#8221;Phone&#8221; field_title=&#8221;Tel\u00e8fon (no obligatori)&#8221; allowed_symbols=&#8221;numbers&#8221; required_mark=&#8221;off&#8221; fullwidth_field=&#8221;on&#8221; _builder_version=&#8221;4.27.4&#8243; _module_preset=&#8221;default&#8221; global_colors_info=&#8221;{}&#8221;][\/et_pb_contact_field][et_pb_contact_field field_id=&#8221;Mensaje&#8221; field_title=&#8221;Afegeix comentaris (no obligatori)&#8221; required_mark=&#8221;off&#8221; fullwidth_field=&#8221;on&#8221; _builder_version=&#8221;4.27.4&#8243; _module_preset=&#8221;default&#8221; global_colors_info=&#8221;{}&#8221;][\/et_pb_contact_field][et_pb_contact_field field_id=&#8221;rgpd&#8221; field_title=&#8221; &#8221; field_type=&#8221;checkbox&#8221; checkbox_options=&#8221;%91{%22value%22:%22\ud83d\udd39He llegit i estic d&#8217;acord amb la%22,%22checked%22:0,%22dragID%22:-1,%22link_url%22:%22https:%92\/%92\/coneix.com%92\/ca%92\/politica-de-privacitat%92\/%22,%22link_text%22:%22Pol\u00edtica de Privacitat i l\u2019emmagatzematge i processament de les meves dades personals per part de Coneix.%22}%93&#8243; fullwidth_field=&#8221;on&#8221; _builder_version=&#8221;4.27.4&#8243; _module_preset=&#8221;default&#8221; form_field_font_size=&#8221;14px&#8221; global_colors_info=&#8221;{}&#8221;][\/et_pb_contact_field][\/et_pb_contact_form][\/et_pb_column][\/et_pb_row][\/et_pb_section]<\/p>\n","protected":false},"excerpt":{"rendered":"<p>\u00bfEncara sense soluci\u00f3 per a VeriFactu?Coneix Go \u00e9s la manera m\u00e9s senzilla i r\u00e0pida de complir amb la normativa abans de la seva entrada en vigor. Una soluci\u00f3 pensada per [&hellip;]<\/p>\n","protected":false},"author":4,"featured_media":0,"parent":0,"menu_order":0,"comment_status":"closed","ping_status":"closed","template":"","meta":{"_et_pb_use_builder":"on","_et_pb_old_content":"","_et_gb_content_width":"","inline_featured_image":false,"footnotes":""},"class_list":["post-7644","page","type-page","status-publish","hentry"],"yoast_head":"<!-- This site is optimized with the Yoast SEO plugin v27.5 - https:\/\/yoast.com\/product\/yoast-seo-wordpress\/ -->\n<title>Coneix GO | Coneix<\/title>\n<meta name=\"robots\" content=\"index, follow, max-snippet:-1, max-image-preview:large, max-video-preview:-1\" \/>\n<link rel=\"canonical\" href=\"https:\/\/coneix.com\/ca\/coneix-go\/\" \/>\n<meta property=\"og:locale\" content=\"ca_ES\" \/>\n<meta property=\"og:type\" content=\"article\" \/>\n<meta property=\"og:title\" content=\"Coneix GO | Coneix\" \/>\n<meta property=\"og:description\" content=\"\u00bfEncara sense soluci\u00f3 per a VeriFactu?Coneix Go \u00e9s la manera m\u00e9s senzilla i r\u00e0pida de complir amb la normativa abans de la seva entrada en vigor. Una soluci\u00f3 pensada per [&hellip;]\" \/>\n<meta property=\"og:url\" content=\"https:\/\/coneix.com\/ca\/coneix-go\/\" \/>\n<meta property=\"og:site_name\" content=\"Coneix\" \/>\n<meta property=\"article:modified_time\" content=\"2025-12-05T11:43:52+00:00\" \/>\n<meta property=\"og:image\" content=\"https:\/\/coneix.com\/wp-content\/uploads\/2024\/04\/CONEIX.-Logotipo.png\" \/>\n\t<meta property=\"og:image:width\" content=\"191\" \/>\n\t<meta property=\"og:image:height\" content=\"74\" \/>\n\t<meta property=\"og:image:type\" content=\"image\/png\" \/>\n<meta name=\"twitter:card\" content=\"summary_large_image\" \/>\n<meta name=\"twitter:site\" content=\"@Coneix\" \/>\n<!-- \/ Yoast SEO plugin. -->","yoast_head_json":{"title":"Coneix GO | Coneix","robots":{"index":"index","follow":"follow","max-snippet":"max-snippet:-1","max-image-preview":"max-image-preview:large","max-video-preview":"max-video-preview:-1"},"canonical":"https:\/\/coneix.com\/ca\/coneix-go\/","og_locale":"ca_ES","og_type":"article","og_title":"Coneix GO | Coneix","og_description":"\u00bfEncara sense soluci\u00f3 per a VeriFactu?Coneix Go \u00e9s la manera m\u00e9s senzilla i r\u00e0pida de complir amb la normativa abans de la seva entrada en vigor. Una soluci\u00f3 pensada per [&hellip;]","og_url":"https:\/\/coneix.com\/ca\/coneix-go\/","og_site_name":"Coneix","article_modified_time":"2025-12-05T11:43:52+00:00","og_image":[{"width":191,"height":74,"url":"https:\/\/coneix.com\/wp-content\/uploads\/2024\/04\/CONEIX.-Logotipo.png","type":"image\/png"}],"twitter_card":"summary_large_image","twitter_site":"@Coneix","schema":{"@context":"https:\/\/schema.org","@graph":[{"@type":"WebPage","@id":"https:\/\/coneix.com\/ca\/coneix-go\/","url":"https:\/\/coneix.com\/ca\/coneix-go\/","name":"Coneix GO | Coneix","isPartOf":{"@id":"https:\/\/coneix.com\/ca\/#website"},"datePublished":"2025-11-10T08:37:37+00:00","dateModified":"2025-12-05T11:43:52+00:00","breadcrumb":{"@id":"https:\/\/coneix.com\/ca\/coneix-go\/#breadcrumb"},"inLanguage":"ca","potentialAction":[{"@type":"ReadAction","target":["https:\/\/coneix.com\/ca\/coneix-go\/"]}]},{"@type":"BreadcrumbList","@id":"https:\/\/coneix.com\/ca\/coneix-go\/#breadcrumb","itemListElement":[{"@type":"ListItem","position":1,"name":"Inicio","item":"https:\/\/coneix.com\/ca\/homepage\/"},{"@type":"ListItem","position":2,"name":"Coneix GO"}]},{"@type":"WebSite","@id":"https:\/\/coneix.com\/ca\/#website","url":"https:\/\/coneix.com\/ca\/","name":"Coneix","description":"Herramienta y software de gesti\u00f3n especializada en empresas de ingenier\u00eda y arquitectura. Automatiza tareas, reduce el trabajo manual y aumenta la productividad y eficiencia","publisher":{"@id":"https:\/\/coneix.com\/ca\/#organization"},"alternateName":"Coneix","potentialAction":[{"@type":"SearchAction","target":{"@type":"EntryPoint","urlTemplate":"https:\/\/coneix.com\/ca\/?s={search_term_string}"},"query-input":{"@type":"PropertyValueSpecification","valueRequired":true,"valueName":"search_term_string"}}],"inLanguage":"ca"},{"@type":"Organization","@id":"https:\/\/coneix.com\/ca\/#organization","name":"Coneix Project Management SL","alternateName":"Coneix","url":"https:\/\/coneix.com\/ca\/","logo":{"@type":"ImageObject","inLanguage":"ca","@id":"https:\/\/coneix.com\/ca\/#\/schema\/logo\/image\/","url":"https:\/\/coneix.com\/wp-content\/uploads\/2024\/04\/CONEIX.-Logotipo.png","contentUrl":"https:\/\/coneix.com\/wp-content\/uploads\/2024\/04\/CONEIX.-Logotipo.png","width":191,"height":74,"caption":"Coneix Project Management SL"},"image":{"@id":"https:\/\/coneix.com\/ca\/#\/schema\/logo\/image\/"},"sameAs":["https:\/\/x.com\/Coneix","https:\/\/es.linkedin.com\/company\/coneix-project-management-sl","https:\/\/www.youtube.com\/user\/CONEIXPM"]}]}},"_links":{"self":[{"href":"https:\/\/coneix.com\/ca\/wp-json\/wp\/v2\/pages\/7644","targetHints":{"allow":["GET"]}}],"collection":[{"href":"https:\/\/coneix.com\/ca\/wp-json\/wp\/v2\/pages"}],"about":[{"href":"https:\/\/coneix.com\/ca\/wp-json\/wp\/v2\/types\/page"}],"author":[{"embeddable":true,"href":"https:\/\/coneix.com\/ca\/wp-json\/wp\/v2\/users\/4"}],"replies":[{"embeddable":true,"href":"https:\/\/coneix.com\/ca\/wp-json\/wp\/v2\/comments?post=7644"}],"version-history":[{"count":17,"href":"https:\/\/coneix.com\/ca\/wp-json\/wp\/v2\/pages\/7644\/revisions"}],"predecessor-version":[{"id":7733,"href":"https:\/\/coneix.com\/ca\/wp-json\/wp\/v2\/pages\/7644\/revisions\/7733"}],"wp:attachment":[{"href":"https:\/\/coneix.com\/ca\/wp-json\/wp\/v2\/media?parent=7644"}],"curies":[{"name":"wp","href":"https:\/\/api.w.org\/{rel}","templated":true}]}}